{"version":"1.0","provider_name":"Drama - Suzanne Sarquier","provider_url":"https:\/\/dramaparis.com\/wp","author_name":"Dr@m4_d4V1","author_url":"https:\/\/dramaparis.com\/wp\/author\/drm4_d4v1\/","title":"D\u00c9MOCRATIE - Drama - Suzanne Sarquier","type":"rich","width":600,"height":338,"html":"<blockquote class=\"wp-embedded-content\" data-secret=\"Uuwyc2O2pj\"><a href=\"https:\/\/dramaparis.com\/wp\/releases\/democratie\/\">D\u00c9MOCRATIE<\/a><\/blockquote><iframe sandbox=\"allow-scripts\" security=\"restricted\" src=\"https:\/\/dramaparis.com\/wp\/releases\/democratie\/embed\/#?secret=Uuwyc2O2pj\" width=\"600\" height=\"338\" title=\"\u00ab\u00a0D\u00c9MOCRATIE\u00a0\u00bb &#8212; Drama - Suzanne Sarquier\" data-secret=\"Uuwyc2O2pj\" frameborder=\"0\" marginwidth=\"0\" marginheight=\"0\" scrolling=\"no\" class=\"wp-embedded-content\"><\/iframe><script type=\"text\/javascript\">\n\/* <![CDATA[ *\/\n\/*! This file is auto-generated *\/\n!function(d,l){\"use strict\";l.querySelector&&d.addEventListener&&\"undefined\"!=typeof URL&&(d.wp=d.wp||{},d.wp.receiveEmbedMessage||(d.wp.receiveEmbedMessage=function(e){var t=e.data;if((t||t.secret||t.message||t.value)&&!\/[^a-zA-Z0-9]\/.test(t.secret)){for(var s,r,n,a=l.querySelectorAll('iframe[data-secret=\"'+t.secret+'\"]'),o=l.querySelectorAll('blockquote[data-secret=\"'+t.secret+'\"]'),c=new RegExp(\"^https?:$\",\"i\"),i=0;i<o.length;i++)o[i].style.display=\"none\";for(i=0;i<a.length;i++)s=a[i],e.source===s.contentWindow&&(s.removeAttribute(\"style\"),\"height\"===t.message?(1e3<(r=parseInt(t.value,10))?r=1e3:~~r<200&&(r=200),s.height=r):\"link\"===t.message&&(r=new URL(s.getAttribute(\"src\")),n=new URL(t.value),c.test(n.protocol))&&n.host===r.host&&l.activeElement===s&&(d.top.location.href=t.value))}},d.addEventListener(\"message\",d.wp.receiveEmbedMessage,!1),l.addEventListener(\"DOMContentLoaded\",function(){for(var e,t,s=l.querySelectorAll(\"iframe.wp-embedded-content\"),r=0;r<s.length;r++)(t=(e=s[r]).getAttribute(\"data-secret\"))||(t=Math.random().toString(36).substring(2,12),e.src+=\"#?secret=\"+t,e.setAttribute(\"data-secret\",t)),e.contentWindow.postMessage({message:\"ready\",secret:t},\"*\")},!1)))}(window,document);\n\/\/# sourceURL=https:\/\/dramaparis.com\/wp\/wp-includes\/js\/wp-embed.min.js\n\/* ]]> *\/\n<\/script>\n","thumbnail_url":"http:\/\/dramaparis.com\/wp\/wp-content\/uploads\/2017\/01\/DEMOCRATIE.jpg","thumbnail_width":319,"thumbnail_height":480,"description":"[vc_row full_width=\u00a0\u00bbstretch_row_content\u00a0\u00bb gap=\u00a0\u00bb20&Prime;][vc_column width=\u00a0\u00bb1\/2&Prime;][vc_single_image source=\u00a0\u00bbfeatured_image\u00a0\u00bb img_size=\u00a0\u00bb414&#215;620&Prime; alignment=\u00a0\u00bbcenter\u00a0\u00bb][\/vc_column][vc_column width=\u00a0\u00bb1\/2&Prime;][vc_column_text]Th\u00e9\u00e2tre 14\u00a0 \u2013 saison 2012\/2013 Adaptation\u00a0Dominique Hollier repr\u00e9sent\u00e9e par l\u2019agence MCR Mise en sc\u00e8ne Jean-Claude Id\u00e9e Production du Th\u00e9\u00e2tre Jean Vilar \u2013 Louvain La Neuve Reprise au\u00a0Th\u00e9\u00e2tre de la Madeleine,\u00a0 du 1er octobre 2011 au 31 d\u00e9cembre 2011 mise en sc\u00e8ne de Stephan Meldegg avec Andr\u00e9 Dussollier et [&hellip;]"}